{"id":695,"date":"2024-08-16T11:55:22","date_gmt":"2024-08-16T11:55:22","guid":{"rendered":"https:\/\/gruposorganizados.com\/?page_id=695"},"modified":"2024-08-16T11:55:23","modified_gmt":"2024-08-16T11:55:23","slug":"politica-de-privacidad","status":"publish","type":"page","link":"https:\/\/gruposorganizados.com\/ca\/politica-de-privacidad\/","title":{"rendered":"Pol\u00edtica de Privadesa"},"content":{"rendered":"<p><strong>Dades del propietari del web:&nbsp;<\/strong><\/p><figure class=\"wp-block-table\"><table class=\"has-fixed-layout\"><tbody><tr><td><strong>RA\u00d3 SOCIAL&nbsp;<\/strong><\/td><td>GET ACTIVE TOSSA SL<\/td><\/tr><tr><td><strong>NIF&nbsp;<\/strong><\/td><td>B55316129<\/td><\/tr><tr><td><strong>DOMINI&nbsp;<\/strong><\/td><td>www.getactivetossa.com<\/td><\/tr><tr><td><strong>ADRE\u00c7A POSTAL&nbsp;<\/strong><\/td><td>SES ARCADES (LOCAL6-7),17320 TOSSA DE MAR(GIRONA)<\/td><\/tr><tr><td><strong>ADRE\u00c7A ELECTR\u00d2NICA&nbsp;<\/strong><\/td><td>gruposorganizados@gruposorganizados.com<\/td><\/tr><tr><td><strong>TEL\u00c8FONS&nbsp;<\/strong><\/td><td>625343690<\/td><\/tr><tr><td><strong>Nre. REGISTRE \/ DADES <\/strong><strong>&nbsp;<\/strong><strong>ADDICIONALS<\/strong><\/td><td><\/td><\/tr><\/tbody><\/table><\/figure><p><strong>Protecci\u00f3 de dades&nbsp;<\/strong><\/p><p>De conformitat amb la normativa vigent i aplicable en protecci\u00f3 de dades de car\u00e0cter personal, us informem que les vostres dades seran incorporades al sistema de tractament titularitat de GET ACTIVE TOSSA SL amb NIF B55316129 i domicili social sitat a SES ARCADES (LOCAL6-7),17320 TOSSA DE MAR(GIRONA). A continuaci\u00f3, es facilita la informaci\u00f3 dels tractaments realitzats:<\/p><figure class=\"wp-block-table\"><table class=\"has-fixed-layout\"><tbody><tr><td colspan=\"2\"><strong>TRACTAMENTS REALITZATS<\/strong><\/td><\/tr><tr><td colspan=\"2\"><strong>Finalitat: <\/strong>Captaci\u00f3, registre i tractament de dades amb finalitats d'atendre les vostres consultes i\/o sol\u00b7licituds, aix\u00ed com de publicitat i prospecci\u00f3 comercial.&nbsp;<strong>Termini de conservaci\u00f3: <\/strong>mentre es mantingui el consentiment prestat, Accions comercials excepte obligaci\u00f3 legal. formulari web&nbsp;<strong>Base leg\u00edtima: <\/strong>El consentiment de l'interessat.&nbsp;&nbsp;<strong>Tipologia de Dades:&nbsp;<\/strong><strong>Dades b\u00e0siques: <\/strong>Nom i cognoms, Adre\u00e7a electr\u00f2nica<\/td><\/tr><tr><td>Butllet\u00ed<\/td><td><strong>Finalitat: <\/strong>Gesti\u00f3 de la subscripci\u00f3 al butllet\u00ed, per realitzar els enviaments corresponents.&nbsp;<strong>Termini de conservaci\u00f3: <\/strong>mentre es mantingui el consentiment prestat. <strong>Base leg\u00edtima: <\/strong>El consentiment de l'interessat.&nbsp;&nbsp;<strong>Tipologia de Dades:&nbsp;<\/strong><strong>Dades b\u00e0siques: <\/strong>Nom i cognoms, Adre\u00e7a electr\u00f2nica<\/td><\/tr><tr><td>Gesti\u00f3 usuaris web<\/td><td><strong>Finalitat: <\/strong>Captaci\u00f3, registre i tractament de dades de l'usuari. <strong>Termini de conservaci\u00f3: <\/strong>mentre es mantingui el consentiment prestat, excepte obligaci\u00f3 legal.&nbsp;<strong>Base leg\u00edtima: <\/strong>El consentiment de l'interessat.&nbsp;&nbsp;<strong>Tipologia de Dades:&nbsp;<\/strong><strong>Dades b\u00e0siques: <\/strong>Nom i cognoms, Adre\u00e7a electr\u00f2nica<\/td><\/tr><tr><td>Instal\u00b7laci\u00f3 de cookies<\/td><td><strong>Finalitat: <\/strong>Gesti\u00f3 i instal\u00b7laci\u00f3 de les cookies.&nbsp;<strong>Termini de conservaci\u00f3: <\/strong>mentre es mantingui el consentiment prestat. <strong>Base leg\u00edtima: <\/strong>El consentiment de l'interessat.&nbsp;&nbsp;<strong>Tipologia de Dades:&nbsp;<\/strong><strong>Dades b\u00e0siques: <\/strong>Adre\u00e7a electr\u00f2nica, Adre\u00e7a IP<\/td><\/tr><tr><td>Gesti\u00f3 Formulari web&nbsp;<\/td><td><strong>Finalitat: <\/strong>Atendre les vostres consultes i\/o sol\u00b7licituds.&nbsp;<strong>Termini de conservaci\u00f3: <\/strong>mentre es mantingui el consentiment prestat.<\/td><\/tr><\/tbody><\/table><\/figure><figure class=\"wp-block-table\"><table class=\"has-fixed-layout\"><tbody><tr><td colspan=\"2\"><strong>Base leg\u00edtima: <\/strong>El consentiment de l'interessat.&nbsp;&nbsp;<strong>Tipologia de Dades:&nbsp;<\/strong><strong>Dades b\u00e0siques: <\/strong>Nom i cognoms, Adre\u00e7a electr\u00f2nica, Adre\u00e7a IP<\/td><\/tr><tr><td><\/td><td><\/td><\/tr><\/tbody><\/table><\/figure><p><strong>Drets dels interessats&nbsp;<\/strong><\/p><p>GET ACTIVE TOSSA SL informa als Usuaris que, podran exercir els drets d'acc\u00e9s, rectificaci\u00f3, limitaci\u00f3, supressi\u00f3, portabilitat, oposici\u00f3 al tractament de les seves dades de car\u00e0cter personal i el dret a no ser objecte de decisions automatitzades, inclosa l'elaboraci\u00f3 de perfils, davant del Responsable del Tractament, aix\u00ed com a la retirada del consentiment prestat.&nbsp;<\/p><p><strong>Dret d'Acc\u00e9s: <\/strong>\u00c9s el dret de l'usuari a obtenir confirmaci\u00f3 sobre si s'estan tractant les seves dades i, en cas afirmatiu, les dades personals concretes tractades i la informaci\u00f3 legal del tractament.&nbsp;<\/p><p><strong>Dret de Rectificaci\u00f3: <\/strong>\u00c9s el dret de l'afectat a que es modifiquin les dades que resultin ser inexactes o incompletes. En relaci\u00f3 a la p\u00e0gina web, nom\u00e9s podr\u00e0 satisfer-se en relaci\u00f3 a aquella informaci\u00f3 que es trobi sota el control del lloc web.&nbsp;<\/p><p><strong>Dret a la Limitaci\u00f3 de tractament: <\/strong>\u00c9s el dret a que es limitin les finalitats del tractament previstos de forma original pel responsable del tractament en determinats sup\u00f2sits.&nbsp;<\/p><p><strong>Dret de Supressi\u00f3: <\/strong>\u00c9s el dret a suprimir les dades de car\u00e0cter personal de l'usuari, a excepci\u00f3 del que preveu el propi RGPD.&nbsp;<\/p><p><strong>Dret a la Portabilitat: <\/strong>El dret a rebre les dades personals que l'usuari hagi facilitat, en un format estructurat, d'\u00fas com\u00fa i lectura mec\u00e0nica, i a transmetre-les a un altre responsable.&nbsp;<\/p><p><strong>Dret d'Oposici\u00f3: <\/strong>\u00c9s el dret de l'usuari a que no es dugui a terme el tractament de les seves dades de car\u00e0cter personal o es cessi el tractament de les mateixes per part del lloc web.&nbsp;<\/p><p><strong>Dret a no ser objecte de decisions automatitzades, inclosa l'elaboraci\u00f3 de perfils: <\/strong>Quan el tractament no \u00e9s necessari per a la celebraci\u00f3 o execuci\u00f3 d'un contracte, t\u00e9 dret a no ser objecte d'una decisi\u00f3 basada \u00fanicament en el tractament automatitzat, inclosa l'elaboraci\u00f3 de perfils, que produeixi efectes jur\u00eddics o l'afecti significativament.&nbsp;<\/p><p><strong>Dret a retirar el consentiment: <\/strong>Per a qualsevol tractament basat en el vostre consentiment, teniu dret a retirar-lo, en qualsevol moment i de manera gratu\u00efta.&nbsp;<\/p><p>Per exercir qualsevol dels drets en mat\u00e8ria de protecci\u00f3 de dades descrits anteriorment haur\u00e0 de seguir les indicacions seg\u00fcents:<\/p><p>Presentaci\u00f3 d'un escrit a l'adre\u00e7a SES ARCADES (LOCAL6-7),17320 TOSSA DE MAR(GIRONA) (a l'atenci\u00f3 de GET ACTIVE TOSSA SL) o b\u00e9 a trav\u00e9s de correu electr\u00f2nic a gruposorganizados@gruposorganizados.com.&nbsp;<\/p><p>L'escrit rem\u00e8s pel titular de les dades personals que sol\u00b7liciti l'exercici de drets haur\u00e0 de tenir en compte el seg\u00fcent:&nbsp;<\/p><p>Ha d'identificar-se fefaentment i, en el cas que sorgeixin dubtes sobre la identitat del sol\u00b7licitant, se li sol\u00b7licitar\u00e0 que esmeni la petici\u00f3.&nbsp;<\/p><p>La sol\u00b7licitud pot realitzar-la el representant, legal o voluntari, quan aquest estigui degudament identificat i autoritzat pel titular de les dades.&nbsp;<\/p><p>Petici\u00f3 en la qual es concreta la sol\u00b7licitud. Si no fa refer\u00e8ncia a un tractament concret se li facilitar\u00e0 resposta en relaci\u00f3 a tots els tractaments que afecten les seves dades. Mai se li donar\u00e0 informaci\u00f3 per tel\u00e8fon.&nbsp;<\/p><p>Adre\u00e7a postal o electr\u00f2nica als efectes de notificacions.&nbsp;<\/p><p>Documents acreditatius de la petici\u00f3 que formula, en cas que siguin necessaris.&nbsp;<\/p><p>La persona sol\u00b7licitant ha d'utilitzar qualsevol mitj\u00e0 que permeti acreditar l'enviament i la recepci\u00f3 de la sol\u00b7licitud.&nbsp;<\/p><p>Per \u00faltim, us informem que teniu dret a presentar una reclamaci\u00f3 davant l'Ag\u00e8ncia Espanyola de Protecci\u00f3 de Dades en cas que considereu que un fet pugui suposar un incompliment de la normativa aplicable en mat\u00e8ria de protecci\u00f3 de dades.&nbsp;<\/p><p>GET ACTIVE TOSSA SL es compromet a adoptar les mesures t\u00e8cniques i organitzatives necess\u00e0ries, d'acord amb el nivell de riscos que acompanyen els tractaments realitzats, de manera que en garanteixin la integritat, confidencialitat i disponibilitat.&nbsp;<\/p><p><strong>Darrera actualitzaci\u00f3: <\/strong>11 de mar\u00e7 de 2024<\/p><p>GET ACTIVE TOSSA SL haur\u00e0 d'assegurar-se que les dades personals de l'interessat recollides al lloc web, siguin tractades segons els principis relatius al tractament:&nbsp;<\/p><p>Tractades de manera l\u00edcita, lleial i transparent en relaci\u00f3 amb l'interessat.&nbsp;<\/p><p>Recollides amb finalitats determinades, expl\u00edcites i leg\u00edtimes, no podent ser tractades de manera incompatible amb aquestes finalitats.&nbsp;<\/p><p>Adequades, pertinents i limitades al necessari en relaci\u00f3 amb les finalitats per a les quals es tracten.&nbsp;<\/p><p>Exactes i, si fos necessari, actualitzades adoptant-se les mesures t\u00e8cniques i organitzatives raonables.&nbsp;<\/p><p>Mantingudes de forma que es permeti la identificaci\u00f3 durant no m\u00e9s temps del necessari per a les finalitats del tractament.&nbsp;<\/p><p>Tractades de tal manera que es garanteixi una seguretat adequada mitjan\u00e7ant l'aplicaci\u00f3 de mesures t\u00e8cniques o organitzatives apropiades.&nbsp;<\/p><p>Aix\u00ed, GET ACTIVE TOSSA SL ser\u00e0 responsable del compliment del que s'ha disposat anteriorment i haur\u00e0 de poder acreditar-ho posteriorment.&nbsp;<\/p><p>De la mateixa manera, el tractament que realitzi l'entitat nom\u00e9s ser\u00e0 l\u00edcit si compleix almenys una de les condicions seg\u00fcents:&nbsp;<\/p><p>l'interessat va donar el seu consentiment per al tractament de les seves dades personals per a un o diversos fins espec\u00edfics;&nbsp;<\/p><p>el tractament \u00e9s necessari per a l'execuci\u00f3 d'un contracte en el qual l'interessat \u00e9s part o per a l'aplicaci\u00f3 a petici\u00f3 d'aquest de mesures precontractuals;&nbsp;<\/p><p>el tractament \u00e9s necessari per al compliment d'una obligaci\u00f3 legal aplicable al responsable del tractament;&nbsp;<\/p><p>el tractament \u00e9s necessari per protegir interessos vitals de l'interessat o d'una altra persona f\u00edsica;&nbsp;<\/p><p>el tractament \u00e9s necessari per al compliment d'una missi\u00f3 realitzada en inter\u00e8s p\u00fablic o en l'exercici de poders p\u00fablics conferits al responsable del tractament;&nbsp;<\/p><p>el tractament \u00e9s necessari per a la satisfacci\u00f3 d'interessos leg\u00edtims perseguits pel responsable del tractament o per un tercer, sempre que sobre aquests interessos no prevalguin els interessos o els drets i llibertats fonamentals de l'interessat que requereixin la protecci\u00f3 de dades personals.&nbsp;<\/p><p>el responsable haur\u00e0 de ser capa\u00e7 de demostrar que aquell va consentir el tractament de les seves dades personals.&nbsp;<\/p><p>Si el consentiment de l'interessat es dona en el context d'una declaraci\u00f3 escrita, la sol\u00b7licitud de consentiment es presentar\u00e0 de tal forma que es distingeixi clarament dels altres assumptes, de forma intel\u00b7ligible i de f\u00e0cil acc\u00e9s i utilitzant un llenguatge clar i senzill.&nbsp;<\/p><p>L'interessat tindr\u00e0 dret a retirar el seu consentiment en qualsevol moment. La retirada del consentiment no afectar\u00e0 a la licitud del tractament basada en el consentiment previ a la seva retirada. Ser\u00e0 tan f\u00e0cil retirar el consentiment com donar-lo.&nbsp;<\/p><p>GET ACTIVE TOSSA SL haur\u00e0 d'incloure als formularis que s'utilitzin per a la recollida de dades personals, la informaci\u00f3 per donar compliment al deure d'informar recollit als articles 13 i 14 del Reglament General de Protecci\u00f3 de dades.&nbsp;<\/p><p>En aquest sentit, i amb la finalitat d'adaptar-se a la normativa aplicable en mat\u00e8ria de protecci\u00f3 de dades, quan GET ACTIVE TOSSA SL obtingui les dades personals directament d'un interessat, haur\u00e0 de:&nbsp;<\/p><p>1. Facilitar la identitat i les dades de contacte del Responsable del Tractament i les finalitats del tractament a les quals es destinen les dades personals, aix\u00ed com la base jur\u00eddica del tractament.&nbsp;<\/p><p>2. Especificar els interessos leg\u00edtims del responsable o d'un tercer quan el tractament sigui necessari per a la satisfacci\u00f3 d'aquests interessos.&nbsp;<\/p><p>3. Facilitar els destinataris o les categories de destinataris de les dades personals i si escau, la intenci\u00f3 del responsable de transferir dades personals a un tercer pa\u00eds o organitzaci\u00f3 internacional.&nbsp;<\/p><p>4. Indicar el termini durant el qual es conservaran les dades personals o els criteris utilitzats per determinar el termini de conservaci\u00f3.&nbsp;<\/p><p>5. Informar de l'exist\u00e8ncia del dret a sol\u00b7licitar al Responsable del Tractament l'acc\u00e9s a les dades personals relatives a l'interessat, la seva rectificaci\u00f3 o supressi\u00f3, la limitaci\u00f3 del seu tractament o el dret a oposar-se al tractament, aix\u00ed com a la portabilitat de les seves dades.&nbsp;<\/p><p>6. Informar sobre la possibilitat de retirar el consentiment en qualsevol moment, sense que aix\u00f2 afecti la licitud del tractament basat en el consentiment previ a la seva retirada.&nbsp;<\/p><p>7. Especificar si la comunicaci\u00f3 de dades personals \u00e9s un requisit legal o contractual, o un requisit necessari per subscriure un contracte i si l'interessat est\u00e0 obligat a facilitar les dades personals.&nbsp;<\/p><p>8. Informar sobre l'exist\u00e8ncia de decisions automatitzades, inclosa l'elaboraci\u00f3 de perfils i, almenys en aquests casos, informar sobre la l\u00f2gica aplicada, aix\u00ed com la import\u00e0ncia i les conseq\u00fc\u00e8ncies previstes d'aquest tractament per a l'interessat.&nbsp;<\/p><p>Quan GET ACTIVE TOSSA SL no obtingui les dades personals de l'interessat haur\u00e0 de facilitar-li la informaci\u00f3 descrita a l'apartat anterior. Aix\u00ed com, les categories de dades personals que es tractin, la font de la qual procedeixen.<\/p><p>GET ACTIVE TOSSA SL haur\u00e0 d'incloure als formularis o documents que s'utilisin per a la recollida de dades personals, la informaci\u00f3 per donar compliment al deure d'informar recollit als articles 13 i 14 del Reglament General de Protecci\u00f3 de Dades, i, en cas que sigui necessari, fer constar el consentiment atorgat per l'interessat.&nbsp;<\/p><p>Per fer compatible la major exig\u00e8ncia d'informaci\u00f3 que ha de facilitar-se a l'interessat s'estableix la possibilitat de presentar la informaci\u00f3 adoptant un model d'informaci\u00f3 per capes o nivells, amb un llenguatge clar, senzill i de forma concisa, transparent, intel\u00b7ligible i de f\u00e0cil acc\u00e9s.&nbsp;<\/p><p>L'article 11 de la Llei Org\u00e0nica 3\/2018, de 5 de desembre, de Protecci\u00f3 de Dades Personals i garantia dels drets digitals (LOPDGDD), regula la informaci\u00f3 b\u00e0sica que es requereix en una primera capa.&nbsp;<\/p><p>La informaci\u00f3 per capes consisteix en:&nbsp;<\/p><p>Presentaci\u00f3 d'Informaci\u00f3 b\u00e0sica (1a capa): consisteix a presentar una informaci\u00f3 b\u00e0sica en un primer nivell, de forma resumida, en el mateix moment i en el mateix mitj\u00e0 en el qual es recullin les dades.&nbsp;<\/p><p>Remissi\u00f3 a Informaci\u00f3 addicional (2a capa): Consisteix a presentar de forma detallada i completa la informaci\u00f3, en un mitj\u00e0 adequat, estructurat, conc\u00eds i prec\u00eds.<\/p><p>Actualitzat: 11 de juliol de 2024<\/p><p><\/p><p>POL\u00cdTICA DE PRIVACITAT XARXES SOCIALS&nbsp;<\/p><p><strong>POL\u00cdTICA DE PRIVACITAT XARXES SOCIALS www.getactivetossa.com&nbsp;<\/strong><\/p><p>De conformitat amb all\u00f2 establert a la normativa vigent i aplicable de protecci\u00f3 de dades de car\u00e0cter personal i la Llei 34\/2002, d'11 de juliol, de Serveis de la Societat de la Informaci\u00f3 i de Comer\u00e7 Electr\u00f2nic (LSSI-CE), GET ACTIVE TOSSA SL informa als usuaris, que ha procedit a crear un perfil a les Xarxes Socials Facebook, Instagram, amb la finalitat principal de publicitar els seus productes i serveis.&nbsp;<\/p><p>Dades de GET ACTIVE TOSSA SL:&nbsp;<\/p><p>NIF: B55316129&nbsp;<\/p><p>ADRE\u00c7A: SES ARCADES (LOCAL6-7),17320 TOSSA DE MAR(GIRONA) CORREU ELECTR\u00d2NIC: gruposorganizados@gruposorganizados.com&nbsp;<\/p><p>L'usuari disposa d'un perfil a la mateixa Xarxa Social i ha decidit unir-se a la p\u00e0gina creada per GET ACTIVE TOSSA SL, mostrant aix\u00ed inter\u00e8s en la informaci\u00f3 que es publici\u00ef a la Xarxa. En unir-se a la nostra p\u00e0gina, ens facilita el seu consentiment per al tractament d'aquelles dades personals publicades al seu perfil.&nbsp;<\/p><p>L'usuari pot accedir en tot moment a les pol\u00edtiques de privacitat de la pr\u00f2pia Xarxa Social, aix\u00ed com configurar el seu perfil per garantir la seva privacitat.&nbsp;<\/p><p>GET ACTIVE TOSSA SL t\u00e9 acc\u00e9s i tracta aquella informaci\u00f3 p\u00fablica de l'usuari, en especial, el seu nom de contacte. Aquestes dades, nom\u00e9s s'utilitzen dins de la pr\u00f2pia Xarxa Social. No s'incorporen a cap sistema de tractament.&nbsp;<\/p><p><strong>Drets dels interessats&nbsp;<\/strong><\/p><p>En relaci\u00f3 als drets d'acc\u00e9s, rectificaci\u00f3, limitaci\u00f3 de tractament, supressi\u00f3, portabilitat i oposici\u00f3 al tractament de les seves dades de car\u00e0cter personal, dels quals vost\u00e8 disposa i que poden ser exercitats davant GET ACTIVE TOSSA SL, d'acord amb el RGPD, ha de tenir en compte els matisos seg\u00fcents:&nbsp;<\/p><p>Dret d'Acc\u00e9s: \u00c9s el dret de l'usuari a obtenir informaci\u00f3 sobre les seves dades concretes de car\u00e0cter personal i del tractament que s'hagi realitzat o realitzi, aix\u00ed com de la informaci\u00f3 disponible sobre l'origen d'aquestes dades.&nbsp;<\/p><p>Dret de Rectificaci\u00f3: \u00c9s el dret de l'afectat a que es modifiquin les dades que resultin ser inexactes o incompletes. Nom\u00e9s podr\u00e0 satisfer-se en relaci\u00f3 a aquella informaci\u00f3 que es trobi sota el control de GET ACTIVE TOSSA SL.&nbsp;<\/p><p>Dret a la Limitaci\u00f3 de tractament: \u00c9s el dret a que es limitin les finalitats del tractament previstos de forma original pel responsable del tractament.&nbsp;<\/p><p>Dret de Supressi\u00f3: \u00c9s el dret a suprimir les dades de car\u00e0cter personal de l'usuari, a excepci\u00f3 del que preveu el propi RGPD o en d'altres normatives aplicables.<\/p><p>Dret de portabilitat: El dret a rebre les dades personals que l'usuari, hagi facilitat, en un format estructurat, d'\u00fas com\u00fa i lectura mec\u00e0nica, i a transmetre-les a un altre responsable.&nbsp;<\/p><p>Dret d'Oposici\u00f3: \u00c9s el dret de l'usuari a que no es dugui a terme el tractament de les seves dades de car\u00e0cter personal o es cessi el tractament de les mateixes per part de GET ACTIVE TOSSA SL.&nbsp;<\/p><p>GET ACTIVE TOSSA SL realitzar\u00e0 les actuacions seg\u00fcents:&nbsp;<\/p><p>Acc\u00e9s a la informaci\u00f3 p\u00fablica del perfil.&nbsp;<\/p><p>Publicaci\u00f3 al perfil de l'usuari de tota aquella informaci\u00f3 ja publicada a la p\u00e0gina de GET ACTIVE TOSSA SL.&nbsp;<\/p><p>Enviar missatges personals i individuals a trav\u00e9s dels canals de la Xarxa Social.&nbsp;<\/p><p>Actualitzacions de l'estat de la p\u00e0gina que es publicaran al perfil de l'usuari.&nbsp;<\/p><p>L'usuari sempre pot controlar les seves connexions, eliminar els continguts que deixin d'interessar-li i restringir amb qui comparteix les seves connexions, per a aix\u00f2 haur\u00e0 d'accedir a la seva configuraci\u00f3 de privacitat.&nbsp;<\/p><p><strong>Publicacions&nbsp;<\/strong><\/p><p>L'usuari, un cop unit a la p\u00e0gina de GET ACTIVE TOSSA SL, podr\u00e0 publicar en aquesta \u00faltima comentaris, enlla\u00e7os, imatges o fotografies o qualsevol altre tipus de contingut multim\u00e8dia suportat per la Xarxa Social. Es prohibeix expressament qualsevol publicaci\u00f3 a la p\u00e0gina que atempti o sigui susceptible d'atemptar contra la moral, l'\u00e8tica, el bon gust o el decor. En aquests casos, GET ACTIVE TOSSA SL es reserva el dret a retirar immediatament el contingut.&nbsp;<\/p><p>GET ACTIVE TOSSA SL no es far\u00e0 responsable dels continguts que lliurement ha publicat un usuari.&nbsp;<\/p><p>L'usuari ha de tenir present que les seves publicacions seran conegudes pels altres usuaris, de manera que ell mateix \u00e9s el principal responsable de la seva privacitat.&nbsp;<\/p><p>Les imatges que puguin publicar-se a la p\u00e0gina no seran emmagatzemades en cap sistema de tractament per part de GET ACTIVE TOSSA SL, per\u00f2 s\u00ed que romandran a la Xarxa Social.&nbsp;<\/p><p><strong>Concursos i promocions&nbsp;<\/strong><\/p><p>GET ACTIVE TOSSA SL es reserva el dret a realitzar concursos i promocions, en els quals podr\u00e0 participar l'usuari unit a la seva p\u00e0gina. Les bases de cadascun d'ells, quan s'utilitzi per a aix\u00f2 la plataforma de la Xarxa Social, seran publicades en la mateixa. Complint sempre amb la LSSI-CE i amb qualsevol altra norma que li sigui d'aplicaci\u00f3.&nbsp;<\/p><p>La Xarxa Social no patrocina, avala ni administra, de cap manera, cap de les nostres promocions, ni est\u00e0 associada a cap d'elles.&nbsp;<\/p><p><strong>Publicitat<\/strong><\/p><p>GET ACTIVE TOSSA SL utilitzar\u00e0 la Xarxa Social per publicitar els seus productes i serveis, en tot cas, si decideix tractar les vostres dades de contacte per realitzar accions directes de prospecci\u00f3 comercial, ser\u00e0 sempre, complint amb les exig\u00e8ncies legals de la normativa en mat\u00e8ria de protecci\u00f3 de dades i de la LSSI-CE.&nbsp;<\/p><p>No es considerar\u00e0 publicitat el fet de recomanar a altres usuaris la p\u00e0gina de GET ACTIVE TOSSA SL perqu\u00e8 tamb\u00e9 ells puguin gaudir de les promocions o estar informats de la seva activitat.&nbsp;<\/p><p>A continuaci\u00f3, detallem l'enlla\u00e7 a la pol\u00edtica de privacitat de la Xarxa Social:&nbsp;<\/p><p>Facebook: https:\/\/es-es.facebook.com\/privacy\/explanation&nbsp;<\/p><p>Instagram: http:\/\/instagram.com\/about\/legal\/privacy\/&nbsp;<\/p>","protected":false},"excerpt":{"rendered":"<p>Datos del propietario de la web:&nbsp; RAZ\u00d3N SOCIAL&nbsp; GET ACTIVE TOSSA SL NIF&nbsp; B55316129 DOMINIO&nbsp; www.getactivetossa.com DIRECCI\u00d3N POSTAL&nbsp; SES ARCADES (LOCAL6-7),17320 TOSSA DE MAR(GIRONA) DIRECCI\u00d3N ELECTR\u00d3NICA&nbsp; gruposorganizados@gruposorganizados.com TEL\u00c9FONOS&nbsp; 625343690 N\u00ba REGISTRO\/ DATOS &nbsp;ADICIONALES Protecci\u00f3n de datos&nbsp; De conformidad con la normativa vigente y aplicable en protecci\u00f3n de datos de car\u00e1cter personal, le&nbsp; informamos que sus [&hellip;]<\/p>","protected":false},"author":1,"featured_media":0,"parent":0,"menu_order":0,"comment_status":"closed","ping_status":"closed","template":"","meta":{"footnotes":""},"class_list":["post-695","page","type-page","status-publish","hentry"],"yoast_head":"<!-- This site is optimized with the Yoast SEO plugin v24.5 - https:\/\/yoast.com\/wordpress\/plugins\/seo\/ -->\n<title>Pol\u00edtica de Privacitat - Grups Organitzats<\/title>\n<meta name=\"robots\" content=\"noindex, follow\" \/>\n<meta property=\"og:locale\" content=\"ca_ES\" \/>\n<meta property=\"og:type\" content=\"article\" \/>\n<meta property=\"og:title\" content=\"Pol\u00edtica de Privacidad - Grupos Organizados\" \/>\n<meta property=\"og:description\" content=\"Datos del propietario de la web:&nbsp; RAZ\u00d3N SOCIAL&nbsp; GET ACTIVE TOSSA SL NIF&nbsp; B55316129 DOMINIO&nbsp; www.getactivetossa.com DIRECCI\u00d3N POSTAL&nbsp; SES ARCADES (LOCAL6-7),17320 TOSSA DE MAR(GIRONA) DIRECCI\u00d3N ELECTR\u00d3NICA&nbsp; gruposorganizados@gruposorganizados.com TEL\u00c9FONOS&nbsp; 625343690 N\u00ba REGISTRO\/ DATOS &nbsp;ADICIONALES Protecci\u00f3n de datos&nbsp; De conformidad con la normativa vigente y aplicable en protecci\u00f3n de datos de car\u00e1cter personal, le&nbsp; informamos que sus [&hellip;]\" \/>\n<meta property=\"og:url\" content=\"https:\/\/gruposorganizados.com\/ca\/politica-de-privacidad\/\" \/>\n<meta property=\"og:site_name\" content=\"Grupos Organizados\" \/>\n<meta property=\"article:modified_time\" content=\"2024-08-16T11:55:23+00:00\" \/>\n<meta name=\"twitter:card\" content=\"summary_large_image\" \/>\n<meta name=\"twitter:label1\" content=\"Est. reading time\" \/>\n\t<meta name=\"twitter:data1\" content=\"16 minutes\" \/>\n<script type=\"application\/ld+json\" class=\"yoast-schema-graph\">{\"@context\":\"https:\/\/schema.org\",\"@graph\":[{\"@type\":\"WebPage\",\"@id\":\"https:\/\/gruposorganizados.com\/politica-de-privacidad\/\",\"url\":\"https:\/\/gruposorganizados.com\/politica-de-privacidad\/\",\"name\":\"Pol\u00edtica de Privacidad - Grupos Organizados\",\"isPartOf\":{\"@id\":\"https:\/\/gruposorganizados.com\/#website\"},\"datePublished\":\"2024-08-16T11:55:22+00:00\",\"dateModified\":\"2024-08-16T11:55:23+00:00\",\"breadcrumb\":{\"@id\":\"https:\/\/gruposorganizados.com\/politica-de-privacidad\/#breadcrumb\"},\"inLanguage\":\"ca\",\"potentialAction\":[{\"@type\":\"ReadAction\",\"target\":[\"https:\/\/gruposorganizados.com\/politica-de-privacidad\/\"]}]},{\"@type\":\"BreadcrumbList\",\"@id\":\"https:\/\/gruposorganizados.com\/politica-de-privacidad\/#breadcrumb\",\"itemListElement\":[{\"@type\":\"ListItem\",\"position\":1,\"name\":\"Portada\",\"item\":\"https:\/\/gruposorganizados.com\/\"},{\"@type\":\"ListItem\",\"position\":2,\"name\":\"Pol\u00edtica de Privacidad\"}]},{\"@type\":\"WebSite\",\"@id\":\"https:\/\/gruposorganizados.com\/#website\",\"url\":\"https:\/\/gruposorganizados.com\/\",\"name\":\"Grupos Organizados\",\"description\":\"\",\"potentialAction\":[{\"@type\":\"SearchAction\",\"target\":{\"@type\":\"EntryPoint\",\"urlTemplate\":\"https:\/\/gruposorganizados.com\/?s={search_term_string}\"},\"query-input\":{\"@type\":\"PropertyValueSpecification\",\"valueRequired\":true,\"valueName\":\"search_term_string\"}}],\"inLanguage\":\"ca\"}]}<\/script>\n<!-- \/ Yoast SEO plugin. -->","yoast_head_json":{"title":"Pol\u00edtica de Privacitat - Grups Organitzats","robots":{"index":"noindex","follow":"follow"},"og_locale":"ca_ES","og_type":"article","og_title":"Pol\u00edtica de Privacidad - Grupos Organizados","og_description":"Datos del propietario de la web:&nbsp; RAZ\u00d3N SOCIAL&nbsp; GET ACTIVE TOSSA SL NIF&nbsp; B55316129 DOMINIO&nbsp; www.getactivetossa.com DIRECCI\u00d3N POSTAL&nbsp; SES ARCADES (LOCAL6-7),17320 TOSSA DE MAR(GIRONA) DIRECCI\u00d3N ELECTR\u00d3NICA&nbsp; gruposorganizados@gruposorganizados.com TEL\u00c9FONOS&nbsp; 625343690 N\u00ba REGISTRO\/ DATOS &nbsp;ADICIONALES Protecci\u00f3n de datos&nbsp; De conformidad con la normativa vigente y aplicable en protecci\u00f3n de datos de car\u00e1cter personal, le&nbsp; informamos que sus [&hellip;]","og_url":"https:\/\/gruposorganizados.com\/ca\/politica-de-privacidad\/","og_site_name":"Grupos Organizados","article_modified_time":"2024-08-16T11:55:23+00:00","twitter_card":"summary_large_image","twitter_misc":{"Est. reading time":"16 minutes"},"schema":{"@context":"https:\/\/schema.org","@graph":[{"@type":"WebPage","@id":"https:\/\/gruposorganizados.com\/politica-de-privacidad\/","url":"https:\/\/gruposorganizados.com\/politica-de-privacidad\/","name":"Pol\u00edtica de Privacitat - Grups Organitzats","isPartOf":{"@id":"https:\/\/gruposorganizados.com\/#website"},"datePublished":"2024-08-16T11:55:22+00:00","dateModified":"2024-08-16T11:55:23+00:00","breadcrumb":{"@id":"https:\/\/gruposorganizados.com\/politica-de-privacidad\/#breadcrumb"},"inLanguage":"ca","potentialAction":[{"@type":"ReadAction","target":["https:\/\/gruposorganizados.com\/politica-de-privacidad\/"]}]},{"@type":"BreadcrumbList","@id":"https:\/\/gruposorganizados.com\/politica-de-privacidad\/#breadcrumb","itemListElement":[{"@type":"ListItem","position":1,"name":"Portada","item":"https:\/\/gruposorganizados.com\/"},{"@type":"ListItem","position":2,"name":"Pol\u00edtica de Privacidad"}]},{"@type":"WebSite","@id":"https:\/\/gruposorganizados.com\/#website","url":"https:\/\/gruposorganizados.com\/","name":"Grups Organitzats","description":"","potentialAction":[{"@type":"SearchAction","target":{"@type":"EntryPoint","urlTemplate":"https:\/\/gruposorganizados.com\/?s={search_term_string}"},"query-input":{"@type":"PropertyValueSpecification","valueRequired":true,"valueName":"search_term_string"}}],"inLanguage":"ca"}]}},"_links":{"self":[{"href":"https:\/\/gruposorganizados.com\/ca\/wp-json\/wp\/v2\/pages\/695"}],"collection":[{"href":"https:\/\/gruposorganizados.com\/ca\/wp-json\/wp\/v2\/pages"}],"about":[{"href":"https:\/\/gruposorganizados.com\/ca\/wp-json\/wp\/v2\/types\/page"}],"author":[{"embeddable":true,"href":"https:\/\/gruposorganizados.com\/ca\/wp-json\/wp\/v2\/users\/1"}],"replies":[{"embeddable":true,"href":"https:\/\/gruposorganizados.com\/ca\/wp-json\/wp\/v2\/comments?post=695"}],"version-history":[{"count":1,"href":"https:\/\/gruposorganizados.com\/ca\/wp-json\/wp\/v2\/pages\/695\/revisions"}],"predecessor-version":[{"id":696,"href":"https:\/\/gruposorganizados.com\/ca\/wp-json\/wp\/v2\/pages\/695\/revisions\/696"}],"wp:attachment":[{"href":"https:\/\/gruposorganizados.com\/ca\/wp-json\/wp\/v2\/media?parent=695"}],"curies":[{"name":"wp","href":"https:\/\/api.w.org\/{rel}","templated":true}]}}